{"id":121,"date":"2022-11-14T17:00:21","date_gmt":"2022-11-14T17:00:21","guid":{"rendered":"https:\/\/wordpress.leichtathletik-nes.de\/index.php\/home\/"},"modified":"2026-05-01T03:52:59","modified_gmt":"2026-05-01T03:52:59","slug":"home","status":"publish","type":"page","link":"https:\/\/leichtathletik-nes.de\/","title":{"rendered":"Home"},"content":{"rendered":"\t\t<div data-elementor-type=\"wp-page\" data-elementor-id=\"121\" class=\"elementor elementor-121\" data-elementor-settings=\"{&quot;ha_cmc_init_switcher&quot;:&quot;no&quot;}\">\n\t\t\t\t\t\t<section class=\"elementor-section elementor-top-section elementor-element elementor-element-6cafc66e elementor-section-full_width elementor-section-height-default elementor-section-height-default\" data-id=\"6cafc66e\" data-element_type=\"section\" data-settings=\"{&quot;_ha_eqh_enable&quot;:false}\">\n\t\t\t\t\t\t<div class=\"elementor-container elementor-column-gap-no\">\n\t\t\t\t\t<div class=\"elementor-column elementor-col-100 elementor-top-column elementor-element elementor-element-725cfd1d\" data-id=\"725cfd1d\" data-element_type=\"column\">\n\t\t\t<div class=\"elementor-widget-wrap elementor-element-populated\">\n\t\t\t\t\t\t<div class=\"elementor-element elementor-element-4d98089 elementor-widget elementor-widget-image\" data-id=\"4d98089\" data-element_type=\"widget\" data-widget_type=\"image.default\">\n\t\t\t\t<div class=\"elementor-widget-container\">\n\t\t\t\t\t\t\t\t\t\t\t\t\t\t\t<img fetchpriority=\"high\" decoding=\"async\" width=\"2560\" height=\"1920\" src=\"https:\/\/leichtathletik-nes.de\/wp-content\/uploads\/2020\/12\/IMG_3227-scaled.jpg\" class=\"attachment-full size-full wp-image-16\" alt=\"\" srcset=\"https:\/\/leichtathletik-nes.de\/wp-content\/uploads\/2020\/12\/IMG_3227-scaled.jpg 2560w, https:\/\/leichtathletik-nes.de\/wp-content\/uploads\/2020\/12\/IMG_3227-scaled-600x450.jpg 600w, https:\/\/leichtathletik-nes.de\/wp-content\/uploads\/2020\/12\/IMG_3227-300x225.jpg 300w, https:\/\/leichtathletik-nes.de\/wp-content\/uploads\/2020\/12\/IMG_3227-1024x768.jpg 1024w, https:\/\/leichtathletik-nes.de\/wp-content\/uploads\/2020\/12\/IMG_3227-768x576.jpg 768w, https:\/\/leichtathletik-nes.de\/wp-content\/uploads\/2020\/12\/IMG_3227-1536x1152.jpg 1536w, https:\/\/leichtathletik-nes.de\/wp-content\/uploads\/2020\/12\/IMG_3227-2048x1536.jpg 2048w\" sizes=\"(max-width: 2560px) 100vw, 2560px\" \/>\t\t\t\t\t\t\t\t\t\t\t\t\t\t\t<\/div>\n\t\t\t\t<\/div>\n\t\t\t\t\t<\/div>\n\t\t<\/div>\n\t\t\t\t\t<\/div>\n\t\t<\/section>\n\t\t\t\t<section class=\"elementor-section elementor-top-section elementor-element elementor-element-7d36c99 elementor-section-boxed elementor-section-height-default elementor-section-height-default\" data-id=\"7d36c99\" data-element_type=\"section\" data-settings=\"{&quot;_ha_eqh_enable&quot;:false}\">\n\t\t\t\t\t\t<div class=\"elementor-container elementor-column-gap-default\">\n\t\t\t\t\t<div class=\"elementor-column elementor-col-66 elementor-top-column elementor-element elementor-element-6076e68\" data-id=\"6076e68\" data-element_type=\"column\">\n\t\t\t<div class=\"elementor-widget-wrap elementor-element-populated\">\n\t\t\t\t\t\t<div class=\"elementor-element elementor-element-9c7cf6e elementor-widget elementor-widget-heading\" data-id=\"9c7cf6e\" data-element_type=\"widget\" data-widget_type=\"heading.default\">\n\t\t\t\t<div class=\"elementor-widget-container\">\n\t\t\t\t\t<h2 class=\"elementor-heading-title elementor-size-default\"><span>VfL 1860 Sportfreunde Bad Neustadt\/Leichtathletik-Abteilung<\/span><\/h2>\t\t\t\t<\/div>\n\t\t\t\t<\/div>\n\t\t\t\t<div class=\"elementor-element elementor-element-5456717 elementor-widget__width-initial elementor-widget elementor-widget-text-editor\" data-id=\"5456717\" data-element_type=\"widget\" data-widget_type=\"text-editor.default\">\n\t\t\t\t<div class=\"elementor-widget-container\">\n\t\t\t\t\t\t\t\t\t<h3>AKTUELLES<\/h3><h4><strong>Kreismeisterschaften Bad Kissingen<\/strong><\/h4><p>Am Samstag, den 02.05. werden in Bad Kissingen die Kreismeisterschaften gestartet.\u00a0\u00a0<\/p><p>Aus unserer Wettkampfgruppe gehen hier Jule Steinbach (U 20\/W 18) \u00fcber 1500m, Leni Dufour (U 20\/W 18), Jan Seubert (U 18\/M 16) und Adrian Ross (U 20\/M 18) jeweils \u00fcber die Sprintstrecken 100 und 200m an den Start.<\/p><h4>\u00a0<\/h4><h4><strong>Bahner\u00f6ffnung Schweinfurt<\/strong><\/h4><p>Am Samstag, den 25.04. wurde in Schweinfurt die Bahnsaison 2026 er\u00f6ffnet. Gleichzeitig fanden die Unterfr\u00e4nkischen Meisterschaften der langen Bahnl\u00e4ufe statt.<\/p><p>Unsere Athletinnen und Athleten <strong>Ella Vogt, Sophie Wetzel, Leni Dufour, Jan Seubert, Jayden Piehler und Adrian Ross<\/strong> konnten bereits zu diesem fr\u00fchen Zeitpunkt sehr gute Leistungen zeigen.<\/p><p><strong>Ella (U 18\/W 16)<\/strong> belegte beim Weitsprung mit 4,43m den 2. Platz und kam \u00fcber 100m mit 13,74s auf den 3. Platz.\u00a0<\/p><p><strong>Sophie (U 18\/W 17)<\/strong> siegte \u00fcber 100m mit einer Zeit von 13,43s und belegte im Weitsprung mit 4,38m den 4. Rang.\u00a0<\/p><p><strong>Leni (U 20\/W 18)<\/strong> erreichte im Weitsprung mit 4,26m den 2. Platz und kam \u00fcber 100m mit 14,91s auf den 6. Platz.\u00a0<\/p><p><strong>Jayden (U 16\/M 15)<\/strong> wurde <strong>Unterfr\u00e4nkischer Meister<\/strong> \u00fcber die 3000m in neuer pers\u00f6nlicher Bestleistung von 10:06,93s. Mit dieser Zeit konnte sich Jayden f\u00fcr die Bayerischen Meisterschaften qualifizieren.\u00a0<\/p><p><strong>Jan (U 18\/M 16)\u00a0<\/strong>lief die 100m in neuer pers\u00f6nlicher Bestleistung von 11,66s und konnte sich damit ebenfalls f\u00fcr die Bayerischen Meisterschaften qualifizieren. Im Weitsprung kam Jan mit eine Weite von 5,46m auf den 2. Rang.\u00a0<\/p><p><strong>Adrian (U 20\/M 18) <\/strong>siegte sowohl \u00fcber 100m mit 11,37s als auch \u00fcber 200m mit 23,49s. In beiden Disziplinen stellte Adrian eine neue pers\u00f6nliche Bestleistung auf und konnte sich ebenfalls f\u00fcr die Bayerischen Meisterschaften qualifizieren.\u00a0<\/p><p>\u00a0\u00a0<\/p><h4><strong>Unterfr\u00e4nkische Crosslaufmeisterschaften<\/strong><\/h4><p>Am <strong>Sonntag, den 01.03.<\/strong> fanden in Gambach die Unterfr\u00e4nkischen Crosslaufmeisterschaften statt. F\u00fcr unsere Wettkampfgruppe ging hier <b>Leni Dufour <\/b>(U 20\/W 18) an den Start gehen.\u00a0<\/p><p>Sie wurde Unterfr\u00e4nkische Meisterin ihrer Altersklasse im Speedcross (570m) mit einer Zeit von 2:26min.\u00a0<\/p><p>\u00a0<\/p><h4><strong>Bayerischen Hallenmeisterschaften 2026<\/strong><\/h4><p>Am Samstag, den 31.01. fanden f\u00fcr unsere Athleten in\u00a0 M\u00fcnchen die Bayerischen Hallenmeisterschaften statt.<\/p><p>Jan Seubert (M16\/U 18) kam \u00fcber die 60m mit neuer pers\u00f6nlicher Bestleistung von 7,50s in den B-Endlauf und erreichte hier mit einer Zeit von 7,51s den 4. Platz.\u00a0<\/p><p>Adrian Ro\u00df (M 18\/U 20) lief die 60m-Sprintstrecke in 7,49s.<\/p><p>Jayden Piehler (M 15\/U 16) kam mit einer Zeit von 10:45,78min auf den 6. Platz.<\/p><p>\u00a0<\/p><h4><strong><span style=\"color: inherit; font-family: inherit; font-size: 1.5rem; font-style: var( --e-global-typography-text-font-style ); letter-spacing: var( --e-global-typography-text-letter-spacing ); text-transform: var( --e-global-typography-text-text-transform ); word-spacing: var( --e-global-typography-text-word-spacing );\">Hygieneregeln der Leichtathleten\u00a0<\/span><\/strong><\/h4><h4><strong style=\"color: var( --e-global-color-text ); font-family: var( --e-global-typography-text-font-family ), Sans-serif; font-style: var( --e-global-typography-text-font-style ); letter-spacing: var( --e-global-typography-text-letter-spacing ); text-transform: var( --e-global-typography-text-text-transform ); word-spacing: var( --e-global-typography-text-word-spacing ); font-size: var( --e-global-typography-text-font-size );\">Personen mit\u00a0unspezifischen Allgemeinsymptomen<\/strong><span style=\"color: var( --e-global-color-text ); font-family: var( --e-global-typography-text-font-family ), Sans-serif; font-style: var( --e-global-typography-text-font-style ); letter-spacing: var( --e-global-typography-text-letter-spacing ); text-transform: var( --e-global-typography-text-text-transform ); word-spacing: var( --e-global-typography-text-word-spacing ); font-size: var( --e-global-typography-text-font-size ); font-weight: var( --e-global-typography-text-font-weight );\"> (wie z. B. Fieber, Husten, Schnupfen, \u00dcbelkeit, Durchfall etc.) ist der <\/span><span style=\"color: var( --e-global-color-text ); font-family: var( --e-global-typography-text-font-family ), Sans-serif; font-style: var( --e-global-typography-text-font-style ); letter-spacing: var( --e-global-typography-text-letter-spacing ); text-transform: var( --e-global-typography-text-text-transform ); word-spacing: var( --e-global-typography-text-word-spacing ); font-size: var( --e-global-typography-text-font-size );\"><b>Zutritt<\/b><\/span> <span style=\"color: var( --e-global-color-text ); font-family: var( --e-global-typography-text-font-family ), Sans-serif; font-size: var( --e-global-typography-text-font-size ); font-style: var( --e-global-typography-text-font-style ); font-weight: var( --e-global-typography-text-font-weight ); letter-spacing: var( --e-global-typography-text-letter-spacing ); text-transform: var( --e-global-typography-text-text-transform ); word-spacing: var( --e-global-typography-text-word-spacing );\">zum Sportplatz bzw. -halle\u00a0<\/span><strong style=\"color: var( --e-global-color-text ); font-family: var( --e-global-typography-text-font-family ), Sans-serif; font-size: var( --e-global-typography-text-font-size ); font-style: var( --e-global-typography-text-font-style ); letter-spacing: var( --e-global-typography-text-letter-spacing ); text-transform: var( --e-global-typography-text-text-transform ); word-spacing: var( --e-global-typography-text-word-spacing );\">untersagt<\/strong><span style=\"color: var( --e-global-color-text ); font-family: var( --e-global-typography-text-font-family ), Sans-serif; font-size: var( --e-global-typography-text-font-size ); font-style: var( --e-global-typography-text-font-style ); font-weight: var( --e-global-typography-text-font-weight ); letter-spacing: var( --e-global-typography-text-letter-spacing ); text-transform: var( --e-global-typography-text-text-transform ); word-spacing: var( --e-global-typography-text-word-spacing );\">.<\/span><\/h4><h4>\u00a0<\/h4><h4><strong>Schnuppern?\u00a0<\/strong><\/h4><p>Ein\u00a0<strong>Schnuppertraining\u00a0<\/strong>ist bei uns\u00a0<strong>jeden Mittwoch<\/strong> m\u00f6glich. Bitte feste Turnschuhe und Trainingsanzug bzw. kurze Hose und T-Shirt, ein Getr\u00e4nk (Mineralwasser oder Apfelsaftschorle) und viel gute Laune mitbringen. Wann deine Altersklasse trainiert, steht unter der Rubrik &#8222;Trainingszeiten&#8220;.<\/p>\t\t\t\t\t\t\t\t<\/div>\n\t\t\t\t<\/div>\n\t\t\t\t\t<\/div>\n\t\t<\/div>\n\t\t\t\t<div class=\"elementor-column elementor-col-33 elementor-top-column elementor-element elementor-element-132ec1f\" data-id=\"132ec1f\" data-element_type=\"column\">\n\t\t\t<div class=\"elementor-widget-wrap elementor-element-populated\">\n\t\t\t\t\t\t<div class=\"elementor-element elementor-element-91f1d0b elementor-widget elementor-widget-heading\" data-id=\"91f1d0b\" data-element_type=\"widget\" data-widget_type=\"heading.default\">\n\t\t\t\t<div class=\"elementor-widget-container\">\n\t\t\t\t\t<h2 class=\"elementor-heading-title elementor-size-default\">                                   INfobox<\/h2>\t\t\t\t<\/div>\n\t\t\t\t<\/div>\n\t\t\t\t<div class=\"elementor-element elementor-element-4975aef elementor-widget__width-initial elementor-widget elementor-widget-text-editor\" data-id=\"4975aef\" data-element_type=\"widget\" data-widget_type=\"text-editor.default\">\n\t\t\t\t<div class=\"elementor-widget-container\">\n\t\t\t\t\t\t\t\t\t<h5>\u00a0<\/h5><h5 style=\"text-align: center;\">Mo 04. &#8211; So 10.05.<\/h5><h3 style=\"letter-spacing: normal; margin-right: 0px; margin-bottom: 0px; margin-left: 0px; padding: 0px; color: #000000; font-family: sans-serif; font-size: 13.3333px; line-height: normal; text-align: center;\"><strong>MITTWOCH<\/strong><\/h3><p style=\"letter-spacing: normal; margin-right: 0px; margin-bottom: 0px; margin-left: 0px; padding: 0px; color: #000000; font-family: sans-serif; font-size: 13.3333px; line-height: normal; text-align: center;\"><i><b>\u00a0 \u00a0 \u00a0 \u00a0 Sportplatz am Schulberg\u00a0 \u00a0 \u00a0\u00a0<\/b><\/i><\/p><p style=\"letter-spacing: normal; margin-right: 0px; margin-bottom: 0px; margin-left: 0px; padding: 0px; color: #000000; font-family: sans-serif; font-size: 13.3333px; line-height: normal; text-align: center;\"><em><strong>alle Gruppen ab Jahrgang 2020<\/strong><\/em><\/p><p style=\"letter-spacing: normal; margin-right: 0px; margin-bottom: 0px; margin-left: 0px; padding: 0px; color: #000000; font-family: sans-serif; font-size: 13.3333px; line-height: normal; text-align: center;\"><span style=\"font-size: 13.3333px;\"><strong>18:00 &#8211; 19:15 Uhr<\/strong><\/span><\/p><p style=\"letter-spacing: normal; margin-right: 0px; margin-bottom: 0px; margin-left: 0px; padding: 0px; color: #000000; font-family: sans-serif; font-size: 13.3333px; line-height: normal; text-align: center;\">Reifenparcours<\/p><h3>\u00a0<\/h3><h3 style=\"letter-spacing: normal; margin-right: 0px; margin-bottom: 0px; margin-left: 0px; padding: 0px; color: #000000; font-family: sans-serif; font-size: 13.3333px; line-height: normal; text-align: center;\"><strong>DONNERSTAG<\/strong><\/h3><p style=\"letter-spacing: normal; margin-right: 0px; margin-bottom: 0px; margin-left: 0px; padding: 0px; color: #000000; font-family: sans-serif; font-size: 13.3333px; line-height: normal; text-align: center;\"><em><b>Sportplatz Gymnasium<\/b><\/em><\/p><p style=\"letter-spacing: normal; margin-right: 0px; margin-bottom: 0px; margin-left: 0px; padding: 0px; color: #000000; font-family: sans-serif; font-size: 13.3333px; line-height: normal; text-align: center;\"><em><strong>\u00a0<\/strong><strong style=\"font-size: 13.3333px; font-style: var( --e-global-typography-text-font-style ); text-transform: var( --e-global-typography-text-text-transform ); word-spacing: var( --e-global-typography-text-word-spacing );\">Jugendgruppe ab Jahrgang 2014<\/strong><\/em><\/p><p style=\"letter-spacing: normal; margin-right: 0px; margin-bottom: 0px; margin-left: 0px; padding: 0px; color: #000000; font-family: sans-serif; font-size: 13.3333px; line-height: normal; text-align: center;\"><strong>18:00 &#8211; 19:15 Uhr<\/strong><\/p><p style=\"letter-spacing: normal; margin-right: 0px; margin-bottom: 0px; margin-left: 0px; padding: 0px; color: #000000; font-family: sans-serif; font-size: 13.3333px; line-height: normal; text-align: center;\">Kein Gruppentraining! Eigenverantwortliches Training lt. Plan!<\/p><h3>\u00a0<\/h3><p style=\"letter-spacing: normal; margin-right: 0px; margin-bottom: 0px; margin-left: 0px; padding: 0px; color: #000000; font-family: sans-serif; font-size: 13.3333px; line-height: normal; text-align: center;\">\u00a0<\/p><p style=\"text-align: center;\"><i style=\"color: #000000; font-family: sans-serif; font-size: 13.3333px;\"><b>\u00a0 \u00a0 \u00a0 \u00a0<\/b><\/i><\/p>\t\t\t\t\t\t\t\t<\/div>\n\t\t\t\t<\/div>\n\t\t\t\t\t<\/div>\n\t\t<\/div>\n\t\t\t\t\t<\/div>\n\t\t<\/section>\n\t\t\t\t<section class=\"elementor-section elementor-top-section elementor-element elementor-element-1375daa elementor-section-boxed elementor-section-height-default elementor-section-height-default\" data-id=\"1375daa\" data-element_type=\"section\" data-settings=\"{&quot;_ha_eqh_enable&quot;:false}\">\n\t\t\t\t\t\t<div class=\"elementor-container elementor-column-gap-default\">\n\t\t\t\t\t<div class=\"elementor-column elementor-col-100 elementor-top-column elementor-element elementor-element-9bcbfb8\" data-id=\"9bcbfb8\" data-element_type=\"column\">\n\t\t\t<div class=\"elementor-widget-wrap elementor-element-populated\">\n\t\t\t\t\t\t\t<\/div>\n\t\t<\/div>\n\t\t\t\t\t<\/div>\n\t\t<\/section>\n\t\t\t\t<\/div>\n\t\t","protected":false},"excerpt":{"rendered":"<p>VfL 1860 Sportfreunde Bad Neustadt\/Leichtathletik-Abteilung AKTUELLES Kreismeisterschaften Bad Kissingen Am Samstag, den 02.05. werden in Bad Kissingen die Kreismeisterschaften gestartet.\u00a0\u00a0 Aus unserer Wettkampfgruppe gehen hier Jule Steinbach (U 20\/W 18) [&hellip;]<\/p>\n","protected":false},"author":1,"featured_media":0,"parent":0,"menu_order":0,"comment_status":"closed","ping_status":"closed","template":"elementor_header_footer","meta":{"_eb_attr":"","footnotes":""},"class_list":["post-121","page","type-page","status-publish","hentry"],"yoast_head":"<!-- This site is optimized with the Yoast SEO plugin v25.7 - https:\/\/yoast.com\/wordpress\/plugins\/seo\/ -->\n<title>Home - VfL 1860 Sportfreunde Bad Neustadt<\/title>\n<meta name=\"robots\" content=\"index, follow, max-snippet:-1, max-image-preview:large, max-video-preview:-1\" \/>\n<link rel=\"canonical\" href=\"https:\/\/leichtathletik-nes.de\/\" \/>\n<meta property=\"og:locale\" content=\"de_DE\" \/>\n<meta property=\"og:type\" content=\"article\" \/>\n<meta property=\"og:title\" content=\"Home - VfL 1860 Sportfreunde Bad Neustadt\" \/>\n<meta property=\"og:description\" content=\"VfL 1860 Sportfreunde Bad Neustadt\/Leichtathletik-Abteilung AKTUELLES Kreismeisterschaften Bad Kissingen Am Samstag, den 02.05. werden in Bad Kissingen die Kreismeisterschaften gestartet.\u00a0\u00a0 Aus unserer Wettkampfgruppe gehen hier Jule Steinbach (U 20\/W 18) [&hellip;]\" \/>\n<meta property=\"og:url\" content=\"https:\/\/leichtathletik-nes.de\/\" \/>\n<meta property=\"og:site_name\" content=\"VfL 1860 Sportfreunde Bad Neustadt\" \/>\n<meta property=\"article:modified_time\" content=\"2026-05-01T03:52:59+00:00\" \/>\n<meta property=\"og:image\" content=\"https:\/\/leichtathletik-nes.de\/wp-content\/uploads\/2020\/12\/IMG_3227-scaled.jpg\" \/>\n<meta name=\"twitter:card\" content=\"summary_large_image\" \/>\n<meta name=\"twitter:label1\" content=\"Gesch\u00e4tzte Lesezeit\" \/>\n\t<meta name=\"twitter:data1\" content=\"3\u00a0Minuten\" \/>\n<script type=\"application\/ld+json\" class=\"yoast-schema-graph\">{\"@context\":\"https:\/\/schema.org\",\"@graph\":[{\"@type\":\"WebPage\",\"@id\":\"https:\/\/leichtathletik-nes.de\/\",\"url\":\"https:\/\/leichtathletik-nes.de\/\",\"name\":\"Home - VfL 1860 Sportfreunde Bad Neustadt\",\"isPartOf\":{\"@id\":\"https:\/\/leichtathletik-nes.de\/#website\"},\"primaryImageOfPage\":{\"@id\":\"https:\/\/leichtathletik-nes.de\/#primaryimage\"},\"image\":{\"@id\":\"https:\/\/leichtathletik-nes.de\/#primaryimage\"},\"thumbnailUrl\":\"https:\/\/leichtathletik-nes.de\/wp-content\/uploads\/2020\/12\/IMG_3227-scaled.jpg\",\"datePublished\":\"2022-11-14T17:00:21+00:00\",\"dateModified\":\"2026-05-01T03:52:59+00:00\",\"breadcrumb\":{\"@id\":\"https:\/\/leichtathletik-nes.de\/#breadcrumb\"},\"inLanguage\":\"de\",\"potentialAction\":[{\"@type\":\"ReadAction\",\"target\":[\"https:\/\/leichtathletik-nes.de\/\"]}]},{\"@type\":\"ImageObject\",\"inLanguage\":\"de\",\"@id\":\"https:\/\/leichtathletik-nes.de\/#primaryimage\",\"url\":\"https:\/\/leichtathletik-nes.de\/wp-content\/uploads\/2020\/12\/IMG_3227-scaled.jpg\",\"contentUrl\":\"https:\/\/leichtathletik-nes.de\/wp-content\/uploads\/2020\/12\/IMG_3227-scaled.jpg\",\"width\":2560,\"height\":1920},{\"@type\":\"BreadcrumbList\",\"@id\":\"https:\/\/leichtathletik-nes.de\/#breadcrumb\",\"itemListElement\":[{\"@type\":\"ListItem\",\"position\":1,\"name\":\"Home\",\"item\":\"https:\/\/leichtathletik-nes.de\/\"},{\"@type\":\"ListItem\",\"position\":2,\"name\":\"Home\"}]},{\"@type\":\"WebSite\",\"@id\":\"https:\/\/leichtathletik-nes.de\/#website\",\"url\":\"https:\/\/leichtathletik-nes.de\/\",\"name\":\"VfL 1860 Sportfreunde Bad Neustadt\",\"description\":\"Leichtathletik-Abteilung\",\"potentialAction\":[{\"@type\":\"SearchAction\",\"target\":{\"@type\":\"EntryPoint\",\"urlTemplate\":\"https:\/\/leichtathletik-nes.de\/?s={search_term_string}\"},\"query-input\":{\"@type\":\"PropertyValueSpecification\",\"valueRequired\":true,\"valueName\":\"search_term_string\"}}],\"inLanguage\":\"de\"}]}<\/script>\n<!-- \/ Yoast SEO plugin. -->","yoast_head_json":{"title":"Home - VfL 1860 Sportfreunde Bad Neustadt","robots":{"index":"index","follow":"follow","max-snippet":"max-snippet:-1","max-image-preview":"max-image-preview:large","max-video-preview":"max-video-preview:-1"},"canonical":"https:\/\/leichtathletik-nes.de\/","og_locale":"de_DE","og_type":"article","og_title":"Home - VfL 1860 Sportfreunde Bad Neustadt","og_description":"VfL 1860 Sportfreunde Bad Neustadt\/Leichtathletik-Abteilung AKTUELLES Kreismeisterschaften Bad Kissingen Am Samstag, den 02.05. werden in Bad Kissingen die Kreismeisterschaften gestartet.\u00a0\u00a0 Aus unserer Wettkampfgruppe gehen hier Jule Steinbach (U 20\/W 18) [&hellip;]","og_url":"https:\/\/leichtathletik-nes.de\/","og_site_name":"VfL 1860 Sportfreunde Bad Neustadt","article_modified_time":"2026-05-01T03:52:59+00:00","og_image":[{"url":"https:\/\/leichtathletik-nes.de\/wp-content\/uploads\/2020\/12\/IMG_3227-scaled.jpg","type":"","width":"","height":""}],"twitter_card":"summary_large_image","twitter_misc":{"Gesch\u00e4tzte Lesezeit":"3\u00a0Minuten"},"schema":{"@context":"https:\/\/schema.org","@graph":[{"@type":"WebPage","@id":"https:\/\/leichtathletik-nes.de\/","url":"https:\/\/leichtathletik-nes.de\/","name":"Home - VfL 1860 Sportfreunde Bad Neustadt","isPartOf":{"@id":"https:\/\/leichtathletik-nes.de\/#website"},"primaryImageOfPage":{"@id":"https:\/\/leichtathletik-nes.de\/#primaryimage"},"image":{"@id":"https:\/\/leichtathletik-nes.de\/#primaryimage"},"thumbnailUrl":"https:\/\/leichtathletik-nes.de\/wp-content\/uploads\/2020\/12\/IMG_3227-scaled.jpg","datePublished":"2022-11-14T17:00:21+00:00","dateModified":"2026-05-01T03:52:59+00:00","breadcrumb":{"@id":"https:\/\/leichtathletik-nes.de\/#breadcrumb"},"inLanguage":"de","potentialAction":[{"@type":"ReadAction","target":["https:\/\/leichtathletik-nes.de\/"]}]},{"@type":"ImageObject","inLanguage":"de","@id":"https:\/\/leichtathletik-nes.de\/#primaryimage","url":"https:\/\/leichtathletik-nes.de\/wp-content\/uploads\/2020\/12\/IMG_3227-scaled.jpg","contentUrl":"https:\/\/leichtathletik-nes.de\/wp-content\/uploads\/2020\/12\/IMG_3227-scaled.jpg","width":2560,"height":1920},{"@type":"BreadcrumbList","@id":"https:\/\/leichtathletik-nes.de\/#breadcrumb","itemListElement":[{"@type":"ListItem","position":1,"name":"Home","item":"https:\/\/leichtathletik-nes.de\/"},{"@type":"ListItem","position":2,"name":"Home"}]},{"@type":"WebSite","@id":"https:\/\/leichtathletik-nes.de\/#website","url":"https:\/\/leichtathletik-nes.de\/","name":"VfL 1860 Sportfreunde Bad Neustadt","description":"Leichtathletik-Abteilung","potentialAction":[{"@type":"SearchAction","target":{"@type":"EntryPoint","urlTemplate":"https:\/\/leichtathletik-nes.de\/?s={search_term_string}"},"query-input":{"@type":"PropertyValueSpecification","valueRequired":true,"valueName":"search_term_string"}}],"inLanguage":"de"}]}},"_links":{"self":[{"href":"https:\/\/leichtathletik-nes.de\/index.php\/wp-json\/wp\/v2\/pages\/121","targetHints":{"allow":["GET"]}}],"collection":[{"href":"https:\/\/leichtathletik-nes.de\/index.php\/wp-json\/wp\/v2\/pages"}],"about":[{"href":"https:\/\/leichtathletik-nes.de\/index.php\/wp-json\/wp\/v2\/types\/page"}],"author":[{"embeddable":true,"href":"https:\/\/leichtathletik-nes.de\/index.php\/wp-json\/wp\/v2\/users\/1"}],"replies":[{"embeddable":true,"href":"https:\/\/leichtathletik-nes.de\/index.php\/wp-json\/wp\/v2\/comments?post=121"}],"version-history":[{"count":872,"href":"https:\/\/leichtathletik-nes.de\/index.php\/wp-json\/wp\/v2\/pages\/121\/revisions"}],"predecessor-version":[{"id":1992,"href":"https:\/\/leichtathletik-nes.de\/index.php\/wp-json\/wp\/v2\/pages\/121\/revisions\/1992"}],"wp:attachment":[{"href":"https:\/\/leichtathletik-nes.de\/index.php\/wp-json\/wp\/v2\/media?parent=121"}],"curies":[{"name":"wp","href":"https:\/\/api.w.org\/{rel}","templated":true}]}}