{"id":35,"date":"2021-10-30T11:25:21","date_gmt":"2021-10-30T11:25:21","guid":{"rendered":"https:\/\/wordpress.leichtathletik-nes.de\/?page_id=35"},"modified":"2023-06-08T14:11:45","modified_gmt":"2023-06-08T14:11:45","slug":"berichte","status":"publish","type":"page","link":"https:\/\/leichtathletik-nes.de\/index.php\/berichte\/","title":{"rendered":"Berichte"},"content":{"rendered":"\t\t<div data-elementor-type=\"wp-page\" data-elementor-id=\"35\" class=\"elementor elementor-35\" data-elementor-settings=\"{&quot;ha_cmc_init_switcher&quot;:&quot;no&quot;}\">\n\t\t\t\t\t\t<section class=\"elementor-section elementor-top-section elementor-element elementor-element-3974286 elementor-section-boxed elementor-section-height-default elementor-section-height-default\" data-id=\"3974286\" data-element_type=\"section\" data-settings=\"{&quot;_ha_eqh_enable&quot;:false}\">\n\t\t\t\t\t\t<div class=\"elementor-container elementor-column-gap-default\">\n\t\t\t\t\t<div class=\"elementor-column elementor-col-100 elementor-top-column elementor-element elementor-element-31f683e\" data-id=\"31f683e\" data-element_type=\"column\">\n\t\t\t<div class=\"elementor-widget-wrap elementor-element-populated\">\n\t\t\t\t\t\t<div class=\"elementor-element elementor-element-bae96bb elementor-widget elementor-widget-text-editor\" data-id=\"bae96bb\" data-element_type=\"widget\" data-widget_type=\"text-editor.default\">\n\t\t\t\t<div class=\"elementor-widget-container\">\n\t\t\t\t\t\t\t\t\t<h3><strong>Kreismeisterschaften aller Altersklassen<\/strong><\/h3><h4>am 07.05.2022 in Bad Kissingen<\/h4><p>Bei strahlendem Sonnenschein und angenehmen Temperaturen zeigten unsere Wettkampfathletinnen und -athleten sehr gute Leistungen.\u00a0<\/p><p><strong>Jayden Piehle<\/strong>r (U 12\/M 11) erreichte \u00fcber\u00a0<strong>800m\u00a0<\/strong>mit\u00a0<strong>2:49,47min<\/strong>\u00a0den<strong>\u00a02. Platz\u00a0<\/strong>und<strong>\u00a0<\/strong>\u00fcber\u00a0<strong>50m\u00a0<\/strong>in<strong>\u00a08,73s<\/strong>\u00a0den 8. Rang.<\/p><p><strong>Ella Vogt<\/strong>\u00a0(U 14\/W 12)\u00a0<strong>siegte<\/strong>\u00a0sowohl \u00fcber\u00a0<strong>75m<\/strong>\u00a0in\u00a0<strong>10,82<\/strong>\u00a0als auch im\u00a0<strong>Weitsprung<\/strong>\u00a0mit\u00a0<strong>3,90m<\/strong>. Im\u00a0<strong>Ballweitwurf<\/strong>\u00a0erreichte sie mit\u00a0<strong>30m<\/strong>\u00a0den\u00a0<strong>2. Platz<\/strong>.\u00a0<\/p><p><strong>Leni Dufour\u00a0<\/strong>(U 16\/W 14) holte sich mit\u00a0<strong>2:45,72min<\/strong>\u00a0den\u00a0<strong>Meistertitel<\/strong>\u00a0\u00fcber die\u00a0<strong>800m\u00a0<\/strong>und kam mit einer<strong>\u00a0<\/strong>Weite von<strong>\u00a03,99m\u00a0<\/strong>auf den<strong>\u00a06. Platz.<\/strong><\/p><p><strong>Adrian Ro\u00df<\/strong>\u00a0(U 16\/M 14) konnte sich \u00fcber die\u00a0<strong>800m\u00a0<\/strong>mit einer Zeit von\u00a0<strong>2:29,55min<\/strong>\u00a0ebenfalls den\u00a0<strong>Meistertitel\u00a0<\/strong>\u00fcber diese Strecke holen. \u00dcber\u00a0<strong>100m<\/strong>\u00a0belegte er mit\u00a0<strong>13,61s<\/strong>\u00a0den\u00a0<strong>2.<\/strong>\u00a0<strong>Rang.<\/strong>\u00a0\u00a0<\/p><p><strong>Charlotte Orth\u00a0<\/strong>(U 16\/W 15)\u00a0<strong>siegte<\/strong>\u00a0\u00fcber\u00a0<strong>300m<\/strong>\u00a0mit einer Zeit von<strong>\u00a050,93s<\/strong>\u00a0und kam \u00fcber die\u00a0<strong>100m<\/strong>\u00a0mit\u00a0<strong>14,60s<\/strong>\u00a0auf den\u00a0<strong>5. Platz.<\/strong><\/p><p><strong>Lennart R\u00f6ssler<\/strong>\u00a0(U 18\/M 16)\u00a0<strong>gewann\u00a0<\/strong>die<strong>\u00a0<\/strong><strong>1500m\u00a0<\/strong>in\u00a0<strong>4:28,44min,\u00a0<\/strong>holte sich damit ebenfalls den<strong>\u00a0Meistertitel\u00a0<\/strong>und die<strong>\u00a0Qualifikation\u00a0<\/strong>f\u00fcr die<strong>\u00a0Bayerischen Meisterschaften.<\/strong><\/p><p><strong>Viktoria Orth<\/strong>\u00a0(U 18\/W 17) holte sich \u00fcber die\u00a0<strong>200m<\/strong>\u00a0mit\u00a0<strong>29,23s<\/strong>\u00a0den\u00a0<strong>Vizemeistertitel<\/strong>\u00a0und belegte \u00fcber<strong>\u00a0100m<\/strong>\u00a0mit\u00a0<strong>14,11s<\/strong>\u00a0den\u00a0<strong>3. Rang<\/strong>.\u00a0<\/p><p><strong>Laura Wolf<\/strong>\u00a0(U 18\/W 17) konnte sowohl \u00fcber\u00a0<strong>100m<\/strong>\u00a0in\u00a0<strong>13,54s<\/strong>\u00a0als auch \u00fcber<strong>\u00a0200m<\/strong>\u00a0in\u00a0<strong>29,22s<\/strong>\u00a0den\u00a0<strong>Meistertitel<\/strong>\u00a0gewinnen.<\/p><p><em><strong>Herzlichen Gl\u00fcckwunsch an alle Teilnehmer und ein gro\u00dfes Dankesch\u00f6n an die flei\u00dfigen Helfer, die zum guten Gelingen beigetragen haben.\u00a0\u00a0<\/strong><\/em><\/p>\t\t\t\t\t\t\t\t<\/div>\n\t\t\t\t<\/div>\n\t\t\t\t\t<\/div>\n\t\t<\/div>\n\t\t\t\t\t<\/div>\n\t\t<\/section>\n\t\t\t\t<\/div>\n\t\t","protected":false},"excerpt":{"rendered":"<p>Kreismeisterschaften aller Altersklassen am 07.05.2022 in Bad Kissingen Bei strahlendem Sonnenschein und angenehmen Temperaturen zeigten unsere Wettkampfathletinnen und -athleten sehr gute Leistungen.\u00a0 Jayden Piehler (U 12\/M 11) erreichte \u00fcber\u00a0800m\u00a0mit\u00a02:49,47min\u00a0den\u00a02. Platz\u00a0und\u00a0\u00fcber\u00a050m\u00a0in\u00a08,73s\u00a0den [&hellip;]<\/p>\n","protected":false},"author":1,"featured_media":0,"parent":0,"menu_order":0,"comment_status":"closed","ping_status":"closed","template":"","meta":{"_eb_attr":"","footnotes":""},"class_list":["post-35","page","type-page","status-publish","hentry"],"yoast_head":"<!-- This site is optimized with the Yoast SEO plugin v25.7 - https:\/\/yoast.com\/wordpress\/plugins\/seo\/ -->\n<title>Berichte - VfL 1860 Sportfreunde Bad Neustadt<\/title>\n<meta name=\"robots\" content=\"index, follow, max-snippet:-1, max-image-preview:large, max-video-preview:-1\" \/>\n<link rel=\"canonical\" href=\"https:\/\/leichtathletik-nes.de\/index.php\/berichte\/\" \/>\n<meta property=\"og:locale\" content=\"de_DE\" \/>\n<meta property=\"og:type\" content=\"article\" \/>\n<meta property=\"og:title\" content=\"Berichte - VfL 1860 Sportfreunde Bad Neustadt\" \/>\n<meta property=\"og:description\" content=\"Kreismeisterschaften aller Altersklassen am 07.05.2022 in Bad Kissingen Bei strahlendem Sonnenschein und angenehmen Temperaturen zeigten unsere Wettkampfathletinnen und -athleten sehr gute Leistungen.\u00a0 Jayden Piehler (U 12\/M 11) erreichte \u00fcber\u00a0800m\u00a0mit\u00a02:49,47min\u00a0den\u00a02. Platz\u00a0und\u00a0\u00fcber\u00a050m\u00a0in\u00a08,73s\u00a0den [&hellip;]\" \/>\n<meta property=\"og:url\" content=\"https:\/\/leichtathletik-nes.de\/index.php\/berichte\/\" \/>\n<meta property=\"og:site_name\" content=\"VfL 1860 Sportfreunde Bad Neustadt\" \/>\n<meta property=\"article:modified_time\" content=\"2023-06-08T14:11:45+00:00\" \/>\n<meta name=\"twitter:card\" content=\"summary_large_image\" \/>\n<meta name=\"twitter:label1\" content=\"Gesch\u00e4tzte Lesezeit\" \/>\n\t<meta name=\"twitter:data1\" content=\"2\u00a0Minuten\" \/>\n<script type=\"application\/ld+json\" class=\"yoast-schema-graph\">{\"@context\":\"https:\/\/schema.org\",\"@graph\":[{\"@type\":\"WebPage\",\"@id\":\"https:\/\/leichtathletik-nes.de\/index.php\/berichte\/\",\"url\":\"https:\/\/leichtathletik-nes.de\/index.php\/berichte\/\",\"name\":\"Berichte - VfL 1860 Sportfreunde Bad Neustadt\",\"isPartOf\":{\"@id\":\"https:\/\/leichtathletik-nes.de\/#website\"},\"datePublished\":\"2021-10-30T11:25:21+00:00\",\"dateModified\":\"2023-06-08T14:11:45+00:00\",\"breadcrumb\":{\"@id\":\"https:\/\/leichtathletik-nes.de\/index.php\/berichte\/#breadcrumb\"},\"inLanguage\":\"de\",\"potentialAction\":[{\"@type\":\"ReadAction\",\"target\":[\"https:\/\/leichtathletik-nes.de\/index.php\/berichte\/\"]}]},{\"@type\":\"BreadcrumbList\",\"@id\":\"https:\/\/leichtathletik-nes.de\/index.php\/berichte\/#breadcrumb\",\"itemListElement\":[{\"@type\":\"ListItem\",\"position\":1,\"name\":\"Home\",\"item\":\"https:\/\/leichtathletik-nes.de\/\"},{\"@type\":\"ListItem\",\"position\":2,\"name\":\"Berichte\"}]},{\"@type\":\"WebSite\",\"@id\":\"https:\/\/leichtathletik-nes.de\/#website\",\"url\":\"https:\/\/leichtathletik-nes.de\/\",\"name\":\"VfL 1860 Sportfreunde Bad Neustadt\",\"description\":\"Leichtathletik-Abteilung\",\"potentialAction\":[{\"@type\":\"SearchAction\",\"target\":{\"@type\":\"EntryPoint\",\"urlTemplate\":\"https:\/\/leichtathletik-nes.de\/?s={search_term_string}\"},\"query-input\":{\"@type\":\"PropertyValueSpecification\",\"valueRequired\":true,\"valueName\":\"search_term_string\"}}],\"inLanguage\":\"de\"}]}<\/script>\n<!-- \/ Yoast SEO plugin. -->","yoast_head_json":{"title":"Berichte - VfL 1860 Sportfreunde Bad Neustadt","robots":{"index":"index","follow":"follow","max-snippet":"max-snippet:-1","max-image-preview":"max-image-preview:large","max-video-preview":"max-video-preview:-1"},"canonical":"https:\/\/leichtathletik-nes.de\/index.php\/berichte\/","og_locale":"de_DE","og_type":"article","og_title":"Berichte - VfL 1860 Sportfreunde Bad Neustadt","og_description":"Kreismeisterschaften aller Altersklassen am 07.05.2022 in Bad Kissingen Bei strahlendem Sonnenschein und angenehmen Temperaturen zeigten unsere Wettkampfathletinnen und -athleten sehr gute Leistungen.\u00a0 Jayden Piehler (U 12\/M 11) erreichte \u00fcber\u00a0800m\u00a0mit\u00a02:49,47min\u00a0den\u00a02. Platz\u00a0und\u00a0\u00fcber\u00a050m\u00a0in\u00a08,73s\u00a0den [&hellip;]","og_url":"https:\/\/leichtathletik-nes.de\/index.php\/berichte\/","og_site_name":"VfL 1860 Sportfreunde Bad Neustadt","article_modified_time":"2023-06-08T14:11:45+00:00","twitter_card":"summary_large_image","twitter_misc":{"Gesch\u00e4tzte Lesezeit":"2\u00a0Minuten"},"schema":{"@context":"https:\/\/schema.org","@graph":[{"@type":"WebPage","@id":"https:\/\/leichtathletik-nes.de\/index.php\/berichte\/","url":"https:\/\/leichtathletik-nes.de\/index.php\/berichte\/","name":"Berichte - VfL 1860 Sportfreunde Bad Neustadt","isPartOf":{"@id":"https:\/\/leichtathletik-nes.de\/#website"},"datePublished":"2021-10-30T11:25:21+00:00","dateModified":"2023-06-08T14:11:45+00:00","breadcrumb":{"@id":"https:\/\/leichtathletik-nes.de\/index.php\/berichte\/#breadcrumb"},"inLanguage":"de","potentialAction":[{"@type":"ReadAction","target":["https:\/\/leichtathletik-nes.de\/index.php\/berichte\/"]}]},{"@type":"BreadcrumbList","@id":"https:\/\/leichtathletik-nes.de\/index.php\/berichte\/#breadcrumb","itemListElement":[{"@type":"ListItem","position":1,"name":"Home","item":"https:\/\/leichtathletik-nes.de\/"},{"@type":"ListItem","position":2,"name":"Berichte"}]},{"@type":"WebSite","@id":"https:\/\/leichtathletik-nes.de\/#website","url":"https:\/\/leichtathletik-nes.de\/","name":"VfL 1860 Sportfreunde Bad Neustadt","description":"Leichtathletik-Abteilung","potentialAction":[{"@type":"SearchAction","target":{"@type":"EntryPoint","urlTemplate":"https:\/\/leichtathletik-nes.de\/?s={search_term_string}"},"query-input":{"@type":"PropertyValueSpecification","valueRequired":true,"valueName":"search_term_string"}}],"inLanguage":"de"}]}},"_links":{"self":[{"href":"https:\/\/leichtathletik-nes.de\/index.php\/wp-json\/wp\/v2\/pages\/35","targetHints":{"allow":["GET"]}}],"collection":[{"href":"https:\/\/leichtathletik-nes.de\/index.php\/wp-json\/wp\/v2\/pages"}],"about":[{"href":"https:\/\/leichtathletik-nes.de\/index.php\/wp-json\/wp\/v2\/types\/page"}],"author":[{"embeddable":true,"href":"https:\/\/leichtathletik-nes.de\/index.php\/wp-json\/wp\/v2\/users\/1"}],"replies":[{"embeddable":true,"href":"https:\/\/leichtathletik-nes.de\/index.php\/wp-json\/wp\/v2\/comments?post=35"}],"version-history":[{"count":10,"href":"https:\/\/leichtathletik-nes.de\/index.php\/wp-json\/wp\/v2\/pages\/35\/revisions"}],"predecessor-version":[{"id":410,"href":"https:\/\/leichtathletik-nes.de\/index.php\/wp-json\/wp\/v2\/pages\/35\/revisions\/410"}],"wp:attachment":[{"href":"https:\/\/leichtathletik-nes.de\/index.php\/wp-json\/wp\/v2\/media?parent=35"}],"curies":[{"name":"wp","href":"https:\/\/api.w.org\/{rel}","templated":true}]}}